{"id":3996,"date":"2021-10-12T11:08:39","date_gmt":"2021-10-12T09:08:39","guid":{"rendered":"https:\/\/missionslocales-bfc.fr\/mission-locale-charolais\/?page_id=3996"},"modified":"2025-02-05T14:31:27","modified_gmt":"2025-02-05T13:31:27","slug":"gpect","status":"publish","type":"page","link":"https:\/\/missionslocales-bfc.fr\/mission-locale-charolais\/milo-charolais\/gpect\/","title":{"rendered":"GPECT"},"content":{"rendered":"\t\t<div data-elementor-type=\"wp-page\" data-elementor-id=\"3996\" class=\"elementor elementor-3996\">\n\t\t\t\t\t\t<section class=\"elementor-section elementor-top-section elementor-element elementor-element-6152f7b elementor-section-boxed elementor-section-height-default elementor-section-height-default\" data-id=\"6152f7b\" data-element_type=\"section\" data-e-type=\"section\">\n\t\t\t\t\t\t<div class=\"elementor-container elementor-column-gap-default\">\n\t\t\t\t\t<div class=\"elementor-column elementor-col-100 elementor-top-column elementor-element elementor-element-c517f76\" data-id=\"c517f76\" data-element_type=\"column\" data-e-type=\"column\">\n\t\t\t<div class=\"elementor-widget-wrap elementor-element-populated\">\n\t\t\t\t\t\t<div class=\"elementor-element elementor-element-4934dee elementor-widget elementor-widget-heading\" data-id=\"4934dee\" data-element_type=\"widget\" data-e-type=\"widget\" data-widget_type=\"heading.default\">\n\t\t\t\t<div class=\"elementor-widget-container\">\n\t\t\t\t\t<h2 class=\"elementor-heading-title elementor-size-default\">Notre service GPECT prend fin au 31 d&eacute;cembre 2024 mais notre mission aupr&egrave;s des entreprises partenaires se poursuit au b&eacute;n&eacute;fice de nos jeunes du territoire, nous vous donnons RDV sur 2025 pour la suite de nos actions avec l'organisation de diff&eacute;rents salons, forum<\/h2>\n\t\t\t\t<\/div>\n\t\t\t\t<\/div>\n\t\t\t\t<div class=\"elementor-element elementor-element-54caebe elementor-widget elementor-widget-heading\" data-id=\"54caebe\" data-element_type=\"widget\" data-e-type=\"widget\" data-widget_type=\"heading.default\">\n\t\t\t\t<div class=\"elementor-widget-container\">\n\t\t\t\t\t<h2 class=\"elementor-heading-title elementor-size-default\">QU'EST CE QUE LA GPECT ET POURQUOI CHEZ NOUS ?<\/h2>\n\t\t\t\t<\/div>\n\t\t\t\t<\/div>\n\t\t\t\t\t<\/div>\n\t\t<\/div>\n\t\t\t\t\t<\/div>\n\t\t<\/section>\n\t\t\t\t<section class=\"elementor-section elementor-top-section elementor-element elementor-element-71ee71c elementor-section-boxed elementor-section-height-default elementor-section-height-default\" data-id=\"71ee71c\" data-element_type=\"section\" data-e-type=\"section\">\n\t\t\t\t\t\t<div class=\"elementor-container elementor-column-gap-default\">\n\t\t\t\t\t<div class=\"elementor-column elementor-col-100 elementor-top-column elementor-element elementor-element-cc7af1d\" data-id=\"cc7af1d\" data-element_type=\"column\" data-e-type=\"column\">\n\t\t\t<div class=\"elementor-widget-wrap elementor-element-populated\">\n\t\t\t\t\t\t<div class=\"elementor-element elementor-element-c3abe6f elementor-widget elementor-widget-text-editor\" data-id=\"c3abe6f\" data-element_type=\"widget\" data-e-type=\"widget\" data-widget_type=\"text-editor.default\">\n\t\t\t\t<div class=\"elementor-widget-container\">\n\t\t\t\t\t\t\t\t\t<p align=\"justify\">L&rsquo;impulsion d&rsquo;une d\u00e9marche territoriale des emplois et des comp\u00e9tences a \u00e9t\u00e9 encourag\u00e9e par l&rsquo;Etat et le Conseil R\u00e9gional de Bourgogne Franche-Comt\u00e9. Apr\u00e8s une mission de pr\u00e9figuration confi\u00e9e \u00e0 AFPA Transition en 2016, les \u00e9lus se sont lanc\u00e9s dans une d\u00e9marche de GPECT \u00e0 l&rsquo;\u00e9chelle du Pays Charolais-Brionnais en 2017.\t\t\t\t\t\t\t\t<\/div>\n\t\t\t\t<\/div>\n\t\t\t\t\t<\/div>\n\t\t<\/div>\n\t\t\t\t\t<\/div>\n\t\t<\/section>\n\t\t\t\t<section class=\"elementor-section elementor-top-section elementor-element elementor-element-8996292 elementor-section-boxed elementor-section-height-default elementor-section-height-default\" data-id=\"8996292\" data-element_type=\"section\" data-e-type=\"section\">\n\t\t\t\t\t\t<div class=\"elementor-container elementor-column-gap-default\">\n\t\t\t\t\t<div class=\"elementor-column elementor-col-100 elementor-top-column elementor-element elementor-element-7a52f38\" data-id=\"7a52f38\" data-element_type=\"column\" data-e-type=\"column\">\n\t\t\t<div class=\"elementor-widget-wrap elementor-element-populated\">\n\t\t\t\t\t\t<div class=\"elementor-element elementor-element-de8f785 elementor-widget elementor-widget-text-editor\" data-id=\"de8f785\" data-element_type=\"widget\" data-e-type=\"widget\" data-widget_type=\"text-editor.default\">\n\t\t\t\t<div class=\"elementor-widget-container\">\n\t\t\t\t\t\t\t\t\t<p align=\"justify\">La Gestion Pr\u00e9visionnelle des Emplois et des Comp\u00e9tences\u00a0 (GPEC) est majoritairement connue, par les entreprises, comme un outil de gestion des ressources humaines \u00e0 court et moyen terme. Cette d\u00e9marche permet d&rsquo;adapter les emplois, les effectifs et les comp\u00e9tences d&rsquo;une entreprise \u00e0 sa strat\u00e9gie et\/ou aux changements (\u00e9conomiques, technologiques, etc.).<\/p><p>Plus r\u00e9cemment appliqu\u00e9e \u00e0 l&rsquo;\u00e9chelle des territoires, la GPEC Territoriale appara\u00eet comme un outil de d\u00e9veloppement territorial et d&rsquo;accompagnement local, qui met en oeuvre une dynamique partenariale d&rsquo;adaptation des dispositifs d&#8217;emploi-formation aux besoins existants et \u00e0 venir, associant les collectivit\u00e9s, les entreprises, les partenaires de l&#8217;emploi et de la formation.<\/p>\t\t\t\t\t\t\t\t<\/div>\n\t\t\t\t<\/div>\n\t\t\t\t\t<\/div>\n\t\t<\/div>\n\t\t\t\t\t<\/div>\n\t\t<\/section>\n\t\t\t\t<section class=\"elementor-section elementor-top-section elementor-element elementor-element-89d21f7 elementor-section-boxed elementor-section-height-default elementor-section-height-default\" data-id=\"89d21f7\" data-element_type=\"section\" data-e-type=\"section\">\n\t\t\t\t\t\t<div class=\"elementor-container elementor-column-gap-default\">\n\t\t\t\t\t<div class=\"elementor-column elementor-col-100 elementor-top-column elementor-element elementor-element-bfe84f0\" data-id=\"bfe84f0\" data-element_type=\"column\" data-e-type=\"column\">\n\t\t\t<div class=\"elementor-widget-wrap elementor-element-populated\">\n\t\t\t\t\t\t<div class=\"elementor-element elementor-element-d1481d4 elementor-button-info elementor-align-center elementor-widget elementor-widget-button\" data-id=\"d1481d4\" data-element_type=\"widget\" data-e-type=\"widget\" data-widget_type=\"button.default\">\n\t\t\t\t<div class=\"elementor-widget-container\">\n\t\t\t\t\t<div class=\"elementor-button-wrapper\">\n\t\t\t\t\t<a class=\"elementor-button elementor-button-link elementor-size-sm\" href=\"https:\/\/www.opportunitesud71.fr\/\">\n\t\t\t\t\t\t<span class=\"elementor-button-content-wrapper\">\n\t\t\t\t\t\t\t\t\t<span class=\"elementor-button-text\">Site Opportunit&eacute; Sud 71<\/span>\n\t\t\t\t\t<\/span>\n\t\t\t\t\t<\/a>\n\t\t\t\t<\/div>\n\t\t\t\t<\/div>\n\t\t\t\t<\/div>\n\t\t\t\t\t<\/div>\n\t\t<\/div>\n\t\t\t\t\t<\/div>\n\t\t<\/section>\n\t\t\t\t<section class=\"elementor-section elementor-top-section elementor-element elementor-element-b68bbd5 elementor-section-boxed elementor-section-height-default elementor-section-height-default\" data-id=\"b68bbd5\" data-element_type=\"section\" data-e-type=\"section\">\n\t\t\t\t\t\t<div class=\"elementor-container elementor-column-gap-default\">\n\t\t\t\t\t<div class=\"elementor-column elementor-col-50 elementor-top-column elementor-element elementor-element-824e95f\" data-id=\"824e95f\" data-element_type=\"column\" data-e-type=\"column\">\n\t\t\t<div class=\"elementor-widget-wrap elementor-element-populated\">\n\t\t\t\t\t\t<div class=\"elementor-element elementor-element-8c162bf elementor-widget elementor-widget-image\" data-id=\"8c162bf\" data-element_type=\"widget\" data-e-type=\"widget\" data-widget_type=\"image.default\">\n\t\t\t\t<div class=\"elementor-widget-container\">\n\t\t\t\t\t<img fetchpriority=\"high\" decoding=\"async\" width=\"400\" height=\"400\" src=\"https:\/\/missionslocales-bfc.fr\/mission-locale-charolais\/wp-content\/uploads\/sites\/10\/2020\/05\/Barbara.png\" class=\"attachment-large size-large wp-image-2226\" alt=\"Barbara SEMET\" srcset=\"https:\/\/missionslocales-bfc.fr\/mission-locale-charolais\/wp-content\/uploads\/sites\/10\/2020\/05\/Barbara.png 400w, https:\/\/missionslocales-bfc.fr\/mission-locale-charolais\/wp-content\/uploads\/sites\/10\/2020\/05\/Barbara-300x300.png 300w, https:\/\/missionslocales-bfc.fr\/mission-locale-charolais\/wp-content\/uploads\/sites\/10\/2020\/05\/Barbara-150x150.png 150w, https:\/\/missionslocales-bfc.fr\/mission-locale-charolais\/wp-content\/uploads\/sites\/10\/2020\/05\/Barbara-45x45.png 45w\" sizes=\"(max-width: 400px) 100vw, 400px\">\n\t\t\t\t<\/div>\n\t\t\t\t<\/div>\n\t\t\t\t\t<\/div>\n\t\t<\/div>\n\t\t\t\t<div class=\"elementor-column elementor-col-50 elementor-top-column elementor-element elementor-element-c70bf1e\" data-id=\"c70bf1e\" data-element_type=\"column\" data-e-type=\"column\">\n\t\t\t<div class=\"elementor-widget-wrap elementor-element-populated\">\n\t\t\t\t\t\t<div class=\"elementor-element elementor-element-e33c469 elementor-widget elementor-widget-text-editor\" data-id=\"e33c469\" data-element_type=\"widget\" data-e-type=\"widget\" data-widget_type=\"text-editor.default\">\n\t\t\t\t<div class=\"elementor-widget-container\">\n\t\t\t\t\t\t\t\t\t<p style=\"text-align: center\">\u00a0<\/p><p style=\"text-align: center\">Barbara SEMET<\/p><p style=\"text-align: center\">Directrice Mission Locale<\/p><p style=\"text-align: center\">barbara.semet@milobfc.fr<\/p><p style=\"text-align: center\">\u00a0<\/p>\t\t\t\t\t\t\t\t<\/div>\n\t\t\t\t<\/div>\n\t\t\t\t\t<\/div>\n\t\t<\/div>\n\t\t\t\t\t<\/div>\n\t\t<\/section>\n\t\t\t\t<\/div>\n\t\t","protected":false},"excerpt":{"rendered":"<p>Notre service GPECT prend fin au 31 d\u00e9cembre 2024 mais notre mission aupr\u00e8s des entreprises partenaires se poursuit au b\u00e9n\u00e9fice de nos jeunes du territoire, nous vous donnons RDV sur 2025 pour la suite de nos actions avec l&rsquo;organisation de diff\u00e9rents salons, forum QU&rsquo;EST CE QUE LA GPECT ET POURQUOI CHEZ NOUS ? L&rsquo;impulsion d&rsquo;une &#8230; <a title=\"GPECT\" class=\"read-more\" href=\"https:\/\/missionslocales-bfc.fr\/mission-locale-charolais\/milo-charolais\/gpect\/\" aria-label=\"En savoir plus sur GPECT\">Lire la suite<\/a><\/p>\n","protected":false},"author":10,"featured_media":0,"parent":2305,"menu_order":0,"comment_status":"closed","ping_status":"closed","template":"","meta":{"_EventAllDay":false,"_EventTimezone":"","_EventStartDate":"","_EventEndDate":"","_EventStartDateUTC":"","_EventEndDateUTC":"","_EventShowMap":false,"_EventShowMapLink":false,"_EventURL":"","_EventCost":"","_EventCostDescription":"","_EventCurrencySymbol":"","_EventCurrencyCode":"","_EventCurrencyPosition":"","_EventDateTimeSeparator":"","_EventTimeRangeSeparator":"","_EventOrganizerID":[],"_EventVenueID":[],"_OrganizerEmail":"","_OrganizerPhone":"","_OrganizerWebsite":"","_VenueAddress":"","_VenueCity":"","_VenueCountry":"","_VenueProvince":"","_VenueState":"","_VenueZip":"","_VenuePhone":"","_VenueURL":"","_VenueStateProvince":"","_VenueLat":"","_VenueLng":"","_VenueShowMap":false,"_VenueShowMapLink":false,"footnotes":""},"class_list":["post-3996","page","type-page","status-publish"],"yoast_head":"<!-- This site is optimized with the Yoast SEO plugin v28.3 - https:\/\/yoast.com\/product\/yoast-seo-wordpress\/ -->\n<title>GPECT - Mission Locale du Charolais<\/title>\n<meta name=\"description\" content=\"La Gestion Pr\u00e9visionnelle des Emplois et des Comp\u00e9tences (GPEC) est majoritairement connue, par les entreprises, comme un outil de gestion des ressources humaines \u00e0 court et moyen terme.\" \/>\n<meta name=\"robots\" content=\"index, follow, max-snippet:-1, max-image-preview:large, max-video-preview:-1\" \/>\n<link rel=\"canonical\" href=\"https:\/\/missionslocales-bfc.fr\/mission-locale-charolais\/milo-charolais\/gpect\/\" \/>\n<meta property=\"og:locale\" content=\"fr_FR\" \/>\n<meta property=\"og:type\" content=\"article\" \/>\n<meta property=\"og:title\" content=\"GPECT | Mission locale du Charolais\" \/>\n<meta property=\"og:description\" content=\"La Gestion Pr\u00e9visionnelle des Emplois et des Comp\u00e9tences (GPEC) est majoritairement connue, par les entreprises, comme un outil de gestion des ressources humaines \u00e0 court et moyen terme.\" \/>\n<meta property=\"og:url\" content=\"https:\/\/missionslocales-bfc.fr\/mission-locale-charolais\/milo-charolais\/gpect\/\" \/>\n<meta property=\"og:site_name\" content=\"Mission Locale du Charolais\" \/>\n<meta property=\"article:modified_time\" content=\"2025-02-05T13:31:27+00:00\" \/>\n<meta property=\"og:image\" content=\"https:\/\/missionslocales-bfc.fr\/mission-locale-charolais\/wp-content\/uploads\/sites\/10\/2020\/05\/Barbara.png\" \/>\n\t<meta property=\"og:image:width\" content=\"400\" \/>\n\t<meta property=\"og:image:height\" content=\"400\" \/>\n\t<meta property=\"og:image:type\" content=\"image\/png\" \/>\n<meta name=\"twitter:card\" content=\"summary_large_image\" \/>\n<meta name=\"twitter:title\" content=\"GPECT | Mission Locale du Charolais\" \/>\n<meta name=\"twitter:description\" content=\"La Gestion Pr\u00e9visionnelle des Emplois et des Comp\u00e9tences (GPEC) est majoritairement connue, par les entreprises, comme un outil de gestion des ressources humaines \u00e0 court et moyen terme.\" \/>\n<meta name=\"twitter:label1\" content=\"Dur\u00e9e de lecture estim\u00e9e\" \/>\n\t<meta name=\"twitter:data1\" content=\"2 minutes\" \/>\n<script type=\"application\/ld+json\" class=\"yoast-schema-graph\">{\"@context\":\"https:\\\/\\\/schema.org\",\"@graph\":[{\"@type\":\"WebPage\",\"@id\":\"https:\\\/\\\/missionslocales-bfc.fr\\\/mission-locale-charolais\\\/milo-charolais\\\/gpect\\\/\",\"url\":\"https:\\\/\\\/missionslocales-bfc.fr\\\/mission-locale-charolais\\\/milo-charolais\\\/gpect\\\/\",\"name\":\"GPECT - Mission Locale du Charolais\",\"isPartOf\":{\"@id\":\"https:\\\/\\\/missionslocales-bfc.fr\\\/mission-locale-charolais\\\/#website\"},\"primaryImageOfPage\":{\"@id\":\"https:\\\/\\\/missionslocales-bfc.fr\\\/mission-locale-charolais\\\/milo-charolais\\\/gpect\\\/#primaryimage\"},\"image\":{\"@id\":\"https:\\\/\\\/missionslocales-bfc.fr\\\/mission-locale-charolais\\\/milo-charolais\\\/gpect\\\/#primaryimage\"},\"thumbnailUrl\":\"https:\\\/\\\/missionslocales-bfc.fr\\\/mission-locale-charolais\\\/wp-content\\\/uploads\\\/sites\\\/10\\\/2020\\\/05\\\/Barbara.png\",\"datePublished\":\"2021-10-12T09:08:39+00:00\",\"dateModified\":\"2025-02-05T13:31:27+00:00\",\"description\":\"La Gestion Pr\u00e9visionnelle des Emplois et des Comp\u00e9tences (GPEC) est majoritairement connue, par les entreprises, comme un outil de gestion des ressources humaines \u00e0 court et moyen terme.\",\"breadcrumb\":{\"@id\":\"https:\\\/\\\/missionslocales-bfc.fr\\\/mission-locale-charolais\\\/milo-charolais\\\/gpect\\\/#breadcrumb\"},\"inLanguage\":\"fr-FR\",\"potentialAction\":[{\"@type\":\"ReadAction\",\"target\":[\"https:\\\/\\\/missionslocales-bfc.fr\\\/mission-locale-charolais\\\/milo-charolais\\\/gpect\\\/\"]}]},{\"@type\":\"ImageObject\",\"inLanguage\":\"fr-FR\",\"@id\":\"https:\\\/\\\/missionslocales-bfc.fr\\\/mission-locale-charolais\\\/milo-charolais\\\/gpect\\\/#primaryimage\",\"url\":\"https:\\\/\\\/missionslocales-bfc.fr\\\/mission-locale-charolais\\\/wp-content\\\/uploads\\\/sites\\\/10\\\/2020\\\/05\\\/Barbara.png\",\"contentUrl\":\"https:\\\/\\\/missionslocales-bfc.fr\\\/mission-locale-charolais\\\/wp-content\\\/uploads\\\/sites\\\/10\\\/2020\\\/05\\\/Barbara.png\",\"width\":400,\"height\":400,\"caption\":\"Barbara SEMET\"},{\"@type\":\"BreadcrumbList\",\"@id\":\"https:\\\/\\\/missionslocales-bfc.fr\\\/mission-locale-charolais\\\/milo-charolais\\\/gpect\\\/#breadcrumb\",\"itemListElement\":[{\"@type\":\"ListItem\",\"position\":1,\"name\":\"Accueil\",\"item\":\"https:\\\/\\\/missionslocales-bfc.fr\\\/mission-locale-charolais\\\/\"},{\"@type\":\"ListItem\",\"position\":2,\"name\":\"MiLo Charolais\",\"item\":\"https:\\\/\\\/missionslocales-bfc.fr\\\/mission-locale-charolais\\\/milo-charolais\\\/\"},{\"@type\":\"ListItem\",\"position\":3,\"name\":\"GPECT\"}]},{\"@type\":\"WebSite\",\"@id\":\"https:\\\/\\\/missionslocales-bfc.fr\\\/mission-locale-charolais\\\/#website\",\"url\":\"https:\\\/\\\/missionslocales-bfc.fr\\\/mission-locale-charolais\\\/\",\"name\":\"Mission Locale du Charolais\",\"description\":\"Site portail des Missions locales de Bourgogne-Franche-Comt\u00e9\",\"publisher\":{\"@id\":\"https:\\\/\\\/missionslocales-bfc.fr\\\/mission-locale-charolais\\\/#organization\"},\"potentialAction\":[{\"@type\":\"SearchAction\",\"target\":{\"@type\":\"EntryPoint\",\"urlTemplate\":\"https:\\\/\\\/missionslocales-bfc.fr\\\/mission-locale-charolais\\\/?s={search_term_string}\"},\"query-input\":{\"@type\":\"PropertyValueSpecification\",\"valueRequired\":true,\"valueName\":\"search_term_string\"}}],\"inLanguage\":\"fr-FR\"},{\"@type\":\"Organization\",\"@id\":\"https:\\\/\\\/missionslocales-bfc.fr\\\/mission-locale-charolais\\\/#organization\",\"name\":\"Missions Locales de Bourgogne-Franche-Comt\u00e9\",\"url\":\"https:\\\/\\\/missionslocales-bfc.fr\\\/mission-locale-charolais\\\/\",\"logo\":{\"@type\":\"ImageObject\",\"inLanguage\":\"fr-FR\",\"@id\":\"https:\\\/\\\/missionslocales-bfc.fr\\\/mission-locale-charolais\\\/#\\\/schema\\\/logo\\\/image\\\/\",\"url\":\"https:\\\/\\\/missionslocales-bfc.fr\\\/mission-locale-charolais\\\/wp-content\\\/uploads\\\/sites\\\/10\\\/2019\\\/02\\\/Logo_ARML-BFC-_-rvb-transparent.png\",\"contentUrl\":\"https:\\\/\\\/missionslocales-bfc.fr\\\/mission-locale-charolais\\\/wp-content\\\/uploads\\\/sites\\\/10\\\/2019\\\/02\\\/Logo_ARML-BFC-_-rvb-transparent.png\",\"width\":250,\"height\":153,\"caption\":\"Missions Locales de Bourgogne-Franche-Comt\u00e9\"},\"image\":{\"@id\":\"https:\\\/\\\/missionslocales-bfc.fr\\\/mission-locale-charolais\\\/#\\\/schema\\\/logo\\\/image\\\/\"}}]}<\/script>\n<!-- \/ Yoast SEO plugin. -->","yoast_head_json":{"title":"GPECT - Mission Locale du Charolais","description":"La Gestion Pr\u00e9visionnelle des Emplois et des Comp\u00e9tences (GPEC) est majoritairement connue, par les entreprises, comme un outil de gestion des ressources humaines \u00e0 court et moyen terme.","robots":{"index":"index","follow":"follow","max-snippet":"max-snippet:-1","max-image-preview":"max-image-preview:large","max-video-preview":"max-video-preview:-1"},"canonical":"https:\/\/missionslocales-bfc.fr\/mission-locale-charolais\/milo-charolais\/gpect\/","og_locale":"fr_FR","og_type":"article","og_title":"GPECT | Mission locale du Charolais","og_description":"La Gestion Pr\u00e9visionnelle des Emplois et des Comp\u00e9tences (GPEC) est majoritairement connue, par les entreprises, comme un outil de gestion des ressources humaines \u00e0 court et moyen terme.","og_url":"https:\/\/missionslocales-bfc.fr\/mission-locale-charolais\/milo-charolais\/gpect\/","og_site_name":"Mission Locale du Charolais","article_modified_time":"2025-02-05T13:31:27+00:00","og_image":[{"width":400,"height":400,"url":"https:\/\/missionslocales-bfc.fr\/mission-locale-charolais\/wp-content\/uploads\/sites\/10\/2020\/05\/Barbara.png","type":"image\/png"}],"twitter_card":"summary_large_image","twitter_title":"GPECT | Mission Locale du Charolais","twitter_description":"La Gestion Pr\u00e9visionnelle des Emplois et des Comp\u00e9tences (GPEC) est majoritairement connue, par les entreprises, comme un outil de gestion des ressources humaines \u00e0 court et moyen terme.","twitter_misc":{"Dur\u00e9e de lecture estim\u00e9e":"2 minutes"},"schema":{"@context":"https:\/\/schema.org","@graph":[{"@type":"WebPage","@id":"https:\/\/missionslocales-bfc.fr\/mission-locale-charolais\/milo-charolais\/gpect\/","url":"https:\/\/missionslocales-bfc.fr\/mission-locale-charolais\/milo-charolais\/gpect\/","name":"GPECT - Mission Locale du Charolais","isPartOf":{"@id":"https:\/\/missionslocales-bfc.fr\/mission-locale-charolais\/#website"},"primaryImageOfPage":{"@id":"https:\/\/missionslocales-bfc.fr\/mission-locale-charolais\/milo-charolais\/gpect\/#primaryimage"},"image":{"@id":"https:\/\/missionslocales-bfc.fr\/mission-locale-charolais\/milo-charolais\/gpect\/#primaryimage"},"thumbnailUrl":"https:\/\/missionslocales-bfc.fr\/mission-locale-charolais\/wp-content\/uploads\/sites\/10\/2020\/05\/Barbara.png","datePublished":"2021-10-12T09:08:39+00:00","dateModified":"2025-02-05T13:31:27+00:00","description":"La Gestion Pr\u00e9visionnelle des Emplois et des Comp\u00e9tences (GPEC) est majoritairement connue, par les entreprises, comme un outil de gestion des ressources humaines \u00e0 court et moyen terme.","breadcrumb":{"@id":"https:\/\/missionslocales-bfc.fr\/mission-locale-charolais\/milo-charolais\/gpect\/#breadcrumb"},"inLanguage":"fr-FR","potentialAction":[{"@type":"ReadAction","target":["https:\/\/missionslocales-bfc.fr\/mission-locale-charolais\/milo-charolais\/gpect\/"]}]},{"@type":"ImageObject","inLanguage":"fr-FR","@id":"https:\/\/missionslocales-bfc.fr\/mission-locale-charolais\/milo-charolais\/gpect\/#primaryimage","url":"https:\/\/missionslocales-bfc.fr\/mission-locale-charolais\/wp-content\/uploads\/sites\/10\/2020\/05\/Barbara.png","contentUrl":"https:\/\/missionslocales-bfc.fr\/mission-locale-charolais\/wp-content\/uploads\/sites\/10\/2020\/05\/Barbara.png","width":400,"height":400,"caption":"Barbara SEMET"},{"@type":"BreadcrumbList","@id":"https:\/\/missionslocales-bfc.fr\/mission-locale-charolais\/milo-charolais\/gpect\/#breadcrumb","itemListElement":[{"@type":"ListItem","position":1,"name":"Accueil","item":"https:\/\/missionslocales-bfc.fr\/mission-locale-charolais\/"},{"@type":"ListItem","position":2,"name":"MiLo Charolais","item":"https:\/\/missionslocales-bfc.fr\/mission-locale-charolais\/milo-charolais\/"},{"@type":"ListItem","position":3,"name":"GPECT"}]},{"@type":"WebSite","@id":"https:\/\/missionslocales-bfc.fr\/mission-locale-charolais\/#website","url":"https:\/\/missionslocales-bfc.fr\/mission-locale-charolais\/","name":"Mission Locale du Charolais","description":"Site portail des Missions locales de Bourgogne-Franche-Comt\u00e9","publisher":{"@id":"https:\/\/missionslocales-bfc.fr\/mission-locale-charolais\/#organization"},"potentialAction":[{"@type":"SearchAction","target":{"@type":"EntryPoint","urlTemplate":"https:\/\/missionslocales-bfc.fr\/mission-locale-charolais\/?s={search_term_string}"},"query-input":{"@type":"PropertyValueSpecification","valueRequired":true,"valueName":"search_term_string"}}],"inLanguage":"fr-FR"},{"@type":"Organization","@id":"https:\/\/missionslocales-bfc.fr\/mission-locale-charolais\/#organization","name":"Missions Locales de Bourgogne-Franche-Comt\u00e9","url":"https:\/\/missionslocales-bfc.fr\/mission-locale-charolais\/","logo":{"@type":"ImageObject","inLanguage":"fr-FR","@id":"https:\/\/missionslocales-bfc.fr\/mission-locale-charolais\/#\/schema\/logo\/image\/","url":"https:\/\/missionslocales-bfc.fr\/mission-locale-charolais\/wp-content\/uploads\/sites\/10\/2019\/02\/Logo_ARML-BFC-_-rvb-transparent.png","contentUrl":"https:\/\/missionslocales-bfc.fr\/mission-locale-charolais\/wp-content\/uploads\/sites\/10\/2019\/02\/Logo_ARML-BFC-_-rvb-transparent.png","width":250,"height":153,"caption":"Missions Locales de Bourgogne-Franche-Comt\u00e9"},"image":{"@id":"https:\/\/missionslocales-bfc.fr\/mission-locale-charolais\/#\/schema\/logo\/image\/"}}]}},"_links":{"self":[{"href":"https:\/\/missionslocales-bfc.fr\/mission-locale-charolais\/wp-json\/wp\/v2\/pages\/3996","targetHints":{"allow":["GET"]}}],"collection":[{"href":"https:\/\/missionslocales-bfc.fr\/mission-locale-charolais\/wp-json\/wp\/v2\/pages"}],"about":[{"href":"https:\/\/missionslocales-bfc.fr\/mission-locale-charolais\/wp-json\/wp\/v2\/types\/page"}],"author":[{"embeddable":true,"href":"https:\/\/missionslocales-bfc.fr\/mission-locale-charolais\/wp-json\/wp\/v2\/users\/10"}],"replies":[{"embeddable":true,"href":"https:\/\/missionslocales-bfc.fr\/mission-locale-charolais\/wp-json\/wp\/v2\/comments?post=3996"}],"version-history":[{"count":12,"href":"https:\/\/missionslocales-bfc.fr\/mission-locale-charolais\/wp-json\/wp\/v2\/pages\/3996\/revisions"}],"predecessor-version":[{"id":8133,"href":"https:\/\/missionslocales-bfc.fr\/mission-locale-charolais\/wp-json\/wp\/v2\/pages\/3996\/revisions\/8133"}],"up":[{"embeddable":true,"href":"https:\/\/missionslocales-bfc.fr\/mission-locale-charolais\/wp-json\/wp\/v2\/pages\/2305"}],"wp:attachment":[{"href":"https:\/\/missionslocales-bfc.fr\/mission-locale-charolais\/wp-json\/wp\/v2\/media?parent=3996"}],"curies":[{"name":"wp","href":"https:\/\/api.w.org\/{rel}","templated":true}]}}